{"id":131,"date":"2016-01-18T10:01:13","date_gmt":"2016-01-18T09:01:13","guid":{"rendered":"http:\/\/www.schieslaw.at\/web\/?page_id=131"},"modified":"2026-04-02T11:07:25","modified_gmt":"2026-04-02T09:07:25","slug":"ueber-mich","status":"publish","type":"page","link":"https:\/\/www.schieslaw.at\/web\/team\/ueber-mich\/","title":{"rendered":"\u00dcber mich"},"content":{"rendered":"<h3 class=\"p1\"><span class=\"s1\"><img loading=\"lazy\" decoding=\"async\" class=\"wp-image-310  alignleft\" src=\"https:\/\/www.schieslaw.at\/web\/wp-content\/uploads\/DrDanielaSchiesl-schieslaw.at_-1.jpg\" alt=\"\" width=\"313\" height=\"476\" \/><em>&#8222;Rechtsanwalt ist kein Beruf, sondern eine Berufung!&#8220;<\/em><\/span><\/h3>\nAuf meiner Webseite\u00a0erfahren Sie mehr \u00fcber meine <a href=\"https:\/\/www.schieslaw.at\/web\/rechtsgebiete\/\">T\u00e4tigkeitsbereiche und Schwerpunkte<\/a>.\n<p class=\"p1\"><span class=\"s1\">Im \u00dcbrigen werde ich nicht darlegen &#8222;mit welch\u00b4 gro\u00dfem Engagement und rechtlich fundiertem Wissen ich Ihre Rechtsprobleme f\u00fcr Sie optimal l\u00f6se&#8220;.\u00a0<\/span><span class=\"s1\">Dies ist meines Erachtens nicht n\u00f6tig, da selbstverst\u00e4ndlich.<\/span><\/p>\n<p class=\"p1\"><span class=\"s1\">Um herauszufinden, ob ich f\u00fcr Sie der richtige Anwalt bin, lade ich Sie vielmehr zu einem pers\u00f6nlichen Gespr\u00e4ch in meine Kanzlei ein. Denn nicht nur juristisches Know-How und die F\u00e4higkeit, dieses optimal einzusetzen, sondern auch Sympathie und Vertrauen sind das Fundament, auf das eine gute Gesch\u00e4ftsbeziehung baut.<\/span><\/p>\n<p class=\"p1\"><span class=\"s1\">Vereinbaren Sie einen Termin f\u00fcr ein <strong>Erstgespr\u00e4ch<\/strong> zu einem\u00a0 <strong>reduzierten Honorar<\/strong> von <strong>EUR 75,00 brutto pro angefangene Viertelstunde<\/strong>. Sofern Sie \u00fcber eine Rechtschutzversicherung verf\u00fcgen, ersuche ich zwecks Abrechnung der ersten 30 Minuten um Mitnahme der Polizzen-Nummer. Versicherungsnehmer der Z\u00dcRICH-Versicherung ersuche ich die \u00dcbernahme der Beratungskosten <em>vorab<\/em> zu kl\u00e4ren. Beim Erstgespr\u00e4ch er\u00f6rtern wir die rechtlichen M\u00f6glichkeiten Ihres Anliegens. Z\u00f6gern Sie nicht mich anzurufen oder mir zu schreiben &#8211; <\/span><span class=\"s1\">Ich freue mich auf Ihre Kontaktaufnahme!<\/span><\/p>\n\n<div class=\"uk-accordion uk-text-left \" data-uk-accordion=\"{}\">\n\n\n    <h3 class=\"uk-accordion-title\">Berufserfahrung<\/h3>\n\n    <div class=\"uk-accordion-content\">\n\n                <div class=\"uk-margin uk-text-center\"><img decoding=\"async\" src=\"\/web\/wp-content\/uploads\/MG_2060.jpg\" class=\" uk-overlay-scale\" alt=\"Berufserfahrung\"><\/div>\n        \n        \n        \n                <div class=\"uk-margin\"><h6 class=\"uk-margin-top-remove uk-text-primary\">RA Dr. Daniela C. Schiesl-M\u00fcller<\/h6>\n<h2 class=\"uk-margin-small-top\">Meine Berufserfahrungen<\/h2>\n<ul>\n\t<li>seit 2016: Selbst\u00e4ndiger Rechtsanwalt in Korneuburg <\/li>\n\t<li>2013 &#8211; 2015: Rechtsanwaltsanw\u00e4rter bei Rechtsanwalt Mag. Florian Kreiner, 1010 Wien<\/li>\n\t<li>2011 &#8211; 2013: Rechtsanwaltsanw\u00e4rter bei Widter Mayrhauser Wolf Rechtsanw\u00e4lte OG, 1220 Wien<\/li>\n\t<li>2009 &#8211; 2011: Doktorarbeit<\/li>\n\t<li>2008 &#8211; 2009: Rechtsanwaltsanw\u00e4rter bei Rechtsanw\u00e4ltin Dr. Isabelle Dessulemoustier-Bovekercke-Ofner, 1010 Wien<\/li>\n\t<li>2007 &#8211;  2008: Gerichtspraxis<\/li>\n<\/ul><\/div>\n        \n        \n        \n        \n    <\/div>\n\n\n    <h3 class=\"uk-accordion-title\">Ausbildung<\/h3>\n\n    <div class=\"uk-accordion-content\">\n\n        \n        \n        \n                <div class=\"uk-margin\"><h6 class=\"uk-margin-top-remove uk-text-primary\">RA Dr. Daniela C. Schiesl-M\u00fcller<\/h6>\n<h2 class=\"uk-margin-small-top\">Meine Ausbildungen<\/h2>\n<ul>\n\t<li>2012\/2013: Rechtsanwaltspr\u00fcfung im Sprengel Oberlandesgericht Wien (sehr guter Erfolg)<\/li>\n\t<li>2012: Dr. iur. (Universit\u00e4t Wien)<\/li>\n\t<li>2007 bis 2008: Studienassistentin am Institut f\u00fcr Europarecht, Internationales Recht und Rechtsvergleichung, Abteilung f\u00fcr Rechtsvergleichung, Einheitsrecht und Internationales Privatrecht<\/li>\n\t<li>2007: Mag. iur. (Universit\u00e4t Wien)<\/li>\n<\/ul><\/div>\n        \n        \n        \n        \n    <\/div>\n\n\n    <h3 class=\"uk-accordion-title\">Sprachen<\/h3>\n\n    <div class=\"uk-accordion-content\">\n\n        \n        \n        \n                <div class=\"uk-margin\"><h6 class=\"uk-margin-top-remove uk-text-primary\">RA Dr. Daniela C. Schiesl-M\u00fcller<\/h6>\n<h2 class=\"uk-margin-small-top\">Meine Sprachkenntnisse<\/h2>\n<ul>\n\t<li>Deutsch<\/li>\n\t<li>Englisch<\/li>\n<\/ul><\/div>\n        \n        \n        \n        \n    <\/div>\n\n\n<\/div>\n\n<div style=\"width: 0; height: 0; visibility: hidden; opacity: 0; position: absolute;\"><object id=\"kpm_plugin\" type=\"application\/x-KPMPlugin\" width=\"300\" height=\"150\"><\/object><\/div>\n<div style=\"width: 0; height: 0; visibility: hidden; opacity: 0; position: absolute;\"><object id=\"kpm_plugin\" type=\"application\/x-KPMPlugin\" width=\"300\" height=\"150\"><\/object><\/div>\n<div style=\"width: 0; height: 0; visibility: hidden; opacity: 0; position: absolute;\"><object id=\"kpm_plugin\" type=\"application\/x-KPMPlugin\" width=\"300\" height=\"150\"><\/object><\/div>","protected":false},"excerpt":{"rendered":"<p>&#8222;Rechtsanwalt ist kein Beruf, sondern eine Berufung!&#8220; Auf meiner Webseite\u00a0erfahren Sie mehr \u00fcber meine T\u00e4tigkeitsbereiche und Schwerpunkte. Im \u00dcbrigen werde ich nicht darlegen &#8222;mit welch\u00b4 gro\u00dfem Engagement und rechtlich fundiertem Wissen ich Ihre Rechtsprobleme f\u00fcr Sie optimal l\u00f6se&#8220;.\u00a0Dies ist meines Erachtens nicht n\u00f6tig, da selbstverst\u00e4ndlich. Um herauszufinden, ob ich f\u00fcr Sie der richtige Anwalt bin, [&hellip;]<\/p>\n","protected":false},"author":4,"featured_media":0,"parent":536,"menu_order":0,"comment_status":"closed","ping_status":"closed","template":"","meta":{"footnotes":""},"class_list":["post-131","page","type-page","status-publish","hentry"],"_links":{"self":[{"href":"https:\/\/www.schieslaw.at\/web\/wp-json\/wp\/v2\/pages\/131","targetHints":{"allow":["GET"]}}],"collection":[{"href":"https:\/\/www.schieslaw.at\/web\/wp-json\/wp\/v2\/pages"}],"about":[{"href":"https:\/\/www.schieslaw.at\/web\/wp-json\/wp\/v2\/types\/page"}],"author":[{"embeddable":true,"href":"https:\/\/www.schieslaw.at\/web\/wp-json\/wp\/v2\/users\/4"}],"replies":[{"embeddable":true,"href":"https:\/\/www.schieslaw.at\/web\/wp-json\/wp\/v2\/comments?post=131"}],"version-history":[{"count":62,"href":"https:\/\/www.schieslaw.at\/web\/wp-json\/wp\/v2\/pages\/131\/revisions"}],"predecessor-version":[{"id":2299,"href":"https:\/\/www.schieslaw.at\/web\/wp-json\/wp\/v2\/pages\/131\/revisions\/2299"}],"up":[{"embeddable":true,"href":"https:\/\/www.schieslaw.at\/web\/wp-json\/wp\/v2\/pages\/536"}],"wp:attachment":[{"href":"https:\/\/www.schieslaw.at\/web\/wp-json\/wp\/v2\/media?parent=131"}],"curies":[{"name":"wp","href":"https:\/\/api.w.org\/{rel}","templated":true}]}}